{"id":4023,"date":"2019-07-26T13:41:54","date_gmt":"2019-07-26T13:41:54","guid":{"rendered":"https:\/\/www.portimar.com\/experiences\/solares-of-portugal-culture-heritage-history\/"},"modified":"2020-03-09T13:56:33","modified_gmt":"2020-03-09T13:56:33","slug":"solares-de-portugal-cultura-patrimonio-historia","status":"publish","type":"experiences","link":"https:\/\/www.portimar.com\/pt-pt\/experiences\/solares-de-portugal-cultura-patrimonio-historia\/","title":{"rendered":"Cultura, Patrim\u00f3nio &#038; Hist\u00f3ria dos Solares de Portugal"},"content":{"rendered":"\n<h2>Our\u00e9m \u2022 Trancoso \u2022 Guimar\u00e3es \u2022 Braga<\/h2>\n\n\n\n<h6>Os Solares de Portugal d\u00e3o a oportunidade desfrutar de espa\u00e7os carregados de hist\u00f3rias e costumes, um verdadeiro patrim\u00f3nio cultural da ess\u00eancia Portuguesa.<\/h6>\n\n\n\n<div class=\"wp-block-kobu-custom-blocks-responsive-spacer responsive-spacer size-medium\"><\/div>\n\n\n\n<div class=\"wp-block-kobu-custom-blocks-slider-gallery slider-gallery gallery-container hidden\"><div class=\"gallery\" role=\"list\"><div class=\"slide\" role=\"listitem\"><div class=\"figure-wrapper\" style=\"background-image:url(https:\/\/www.portimar.com\/files\/uploads\/2019\/07\/Norte_Guimaraes_shutterstock_316079936.jpg)\"><figure><img src=\"https:\/\/www.portimar.com\/files\/uploads\/2019\/07\/Norte_Guimaraes_shutterstock_316079936.jpg\" alt=\"\"\/><\/figure><\/div><\/div><div class=\"slide\" role=\"listitem\"><div class=\"figure-wrapper\" style=\"background-image:url(https:\/\/www.portimar.com\/files\/uploads\/2019\/07\/Norte_Guimaraes_shutterstock_342505796.jpg)\"><figure><img src=\"https:\/\/www.portimar.com\/files\/uploads\/2019\/07\/Norte_Guimaraes_shutterstock_342505796.jpg\" alt=\"\"\/><\/figure><\/div><\/div><\/div><\/div>\n\n\n\n<div class=\"wp-block-kobu-custom-blocks-responsive-spacer responsive-spacer size-medium\"><\/div>\n\n\n\n<h6 style=\"text-align:left\"><strong>Este pacote inclui<\/strong><\/h6>\n\n\n\n<div class=\"wp-block-kobu-custom-blocks-responsive-spacer responsive-spacer size-small\"><\/div>\n\n\n\n<ul><li>8 Dias \/ 7 noites<\/li><\/ul>\n\n\n\n<div class=\"wp-block-kobu-custom-blocks-responsive-spacer responsive-spacer size-small\"><\/div>\n\n\n\n<ul><li>Alojamento e pequeno-almo\u00e7o (solares selecionados)<\/li><\/ul>\n\n\n\n<div class=\"wp-block-kobu-custom-blocks-responsive-spacer responsive-spacer size-small\"><\/div>\n\n\n\n<ul><li>Bebida de boas-vindas \u00e0 chegada (em cada solar), bolo tradicional e licor<\/li><\/ul>\n\n\n\n<div class=\"wp-block-kobu-custom-blocks-responsive-spacer responsive-spacer size-small\"><\/div>\n\n\n\n<ul><li>3 Jantares (1 p\/ solar, para 2 pessoas, excluindo bebidas. Reserva \u00e0 chegada)<\/li><\/ul>\n\n\n\n<div class=\"wp-block-kobu-custom-blocks-responsive-spacer responsive-spacer size-medium\"><\/div>\n\n\n\n<figure class=\"wp-block-image\"><img loading=\"lazy\" width=\"1024\" height=\"657\" src=\"https:\/\/www.portimar.com\/files\/uploads\/2019\/07\/Norte_Guimaraes_shutterstock_233227573-1024x657.jpg\" alt=\"\" class=\"wp-image-3285\" srcset=\"https:\/\/www.portimar.com\/files\/uploads\/2019\/07\/Norte_Guimaraes_shutterstock_233227573-1024x657.jpg 1024w, https:\/\/www.portimar.com\/files\/uploads\/2019\/07\/Norte_Guimaraes_shutterstock_233227573-300x192.jpg 300w, https:\/\/www.portimar.com\/files\/uploads\/2019\/07\/Norte_Guimaraes_shutterstock_233227573-768x492.jpg 768w, https:\/\/www.portimar.com\/files\/uploads\/2019\/07\/Norte_Guimaraes_shutterstock_233227573.jpg 1920w\" sizes=\"(max-width: 1024px) 100vw, 1024px\" \/><\/figure>\n\n\n\n<div class=\"wp-block-kobu-custom-blocks-responsive-spacer responsive-spacer size-medium\"><\/div>\n\n\n\n<h6 style=\"text-align:left\"><strong>Itiner\u00e1rio<\/strong><\/h6>\n\n\n\n<div class=\"wp-block-kobu-custom-blocks-responsive-spacer responsive-spacer size-small\"><\/div>\n\n\n\n<p><strong>1\u00ba Dia<\/strong> \u2013 Chegada a Our\u00e9m.<br><br>Alojamento na Quinta da Alcaidaria-M\u00f3r. Ligada a uma importante personagem da hist\u00f3ria de Portugal, D. Nuno \u00c1lvares Pereira, est\u00e1 a capelinha alpendrada, um dos edif\u00edcios mais importantes da propriedade.<\/p>\n\n\n\n<div class=\"wp-block-kobu-custom-blocks-responsive-spacer responsive-spacer size-small\"><\/div>\n\n\n\n<p><strong>2\u00ba Dia<\/strong> \u2013 Our\u00e9m, F\u00e1tima, Batalha. Jantar na Quinta da Alcaidaria-M\u00f3r.<\/p>\n\n\n\n<div class=\"wp-block-kobu-custom-blocks-responsive-spacer responsive-spacer size-small\"><\/div>\n\n\n\n<p><strong>3\u00ba Dia<\/strong> \u2013 Sa\u00edda de Our\u00e9m rumo a Trancoso. No caminho, recomendamos uma visita a Coimbra, a mais antiga cidade universit\u00e1ria do pa\u00eds.<\/p>\n\n\n\n<p>Alojamento no Solar Sampaio e Melo, uma excelente casa senhorial do in\u00edcio do s\u00e9culo XVIII.<\/p>\n\n\n\n<div class=\"wp-block-kobu-custom-blocks-responsive-spacer responsive-spacer size-small\"><\/div>\n\n\n\n<p><strong>4\u00ba Dia<\/strong> \u2013 Visita a Trancoso, que, apesar de ser cidade, faz parte das 12 Aldeias Hist\u00f3ricas de Portugal.<br><br>Seguimos em dire\u00e7\u00e3o a M\u00eada, onde encontramos castelos medievais, igrejas centen\u00e1rias, casas nobres, povoa\u00e7\u00f5es romanas e tesouros naturais inigual\u00e1veis.<\/p>\n\n\n\n<p>A poucos minutos de viagem, encontramos a Aldeia Hist\u00f3rica de Marialva, de ruas ladeadas por edif\u00edcios resistentes ao tempo que conduzem \u00e0 cidadela cercada pelas muralhas cujas.<\/p>\n\n\n\n<p>Regresso e jantar no Solar Sampaio e Melo.<\/p>\n\n\n\n<div class=\"wp-block-kobu-custom-blocks-responsive-spacer responsive-spacer size-small\"><\/div>\n\n\n\n<p><strong>5\u00ba Dia<\/strong> \u2013 Cerca de 195km separam Trancoso de Guimar\u00e3es.<br><br>Alojamento na Casa do Ribeiro, uma casa do s\u00e9culo XVII localizada em S\u00e3o Crist\u00f3v\u00e3o do Selho, uma aldeia a 6 km de Guimar\u00e3es. Constru\u00edda no s\u00e9culo XVII, o interior \u00e9 repleto de m\u00f3veis antigos e curiosidades.<br><br>A encantadora casa senhorial est\u00e1 rodeada por florestas tranquilas onde os h\u00f3spedes podem desfrutar de um dia agrad\u00e1vel, encontrando aqui e ali fontes naturais e o rio nas proximidades, bem como oportunidades de passeio agrad\u00e1veis ao longo das suas margens.<\/p>\n\n\n\n<div class=\"wp-block-kobu-custom-blocks-responsive-spacer responsive-spacer size-small\"><\/div>\n\n\n\n<p><strong>6\u00ba Dia <\/strong>\u2013 Partimos \u00e0 descoberta da hist\u00f3ria da cidade de Guimar\u00e3es, considerada a cidade-ber\u00e7o de Portugal. Uma cidade que reflecte a sua vasta hist\u00f3ria em in\u00fameros monumentos e edif\u00edcios ic\u00f3nicos.<br><br>Jantar na Casa do Ribeiro.<\/p>\n\n\n\n<div class=\"wp-block-kobu-custom-blocks-responsive-spacer responsive-spacer size-small\"><\/div>\n\n\n\n<p><strong>7\u00ba Dia<\/strong> \u2013 A poucos quil\u00f3metros, encontramos Braga, uma cidade que une hist\u00f3ria e cultura e que \u00e9 considerada o centro religioso de Portugal, uma vez que det\u00e9m a catedral mais antiga do pa\u00eds.<br><br>Regresso ao Solar Casa do Ribeiro.<\/p>\n\n\n\n<div class=\"wp-block-kobu-custom-blocks-responsive-spacer responsive-spacer size-small\"><\/div>\n\n\n\n<p><strong>8\u00ba Dia<\/strong> \u2013 Partida.<\/p>\n\n\n\n<div class=\"wp-block-kobu-custom-blocks-responsive-spacer responsive-spacer size-medium\"><\/div>\n\n\n\n<p><strong>Para mais informa\u00e7\u00f5es ou reserva, contacte o nosso Call Center.<\/strong><\/p>\n","protected":false},"excerpt":{"rendered":"<p>Our\u00e9m \u2022 Trancoso \u2022 Guimar\u00e3es \u2022 Braga Os Solares de Portugal d\u00e3o a oportunidade desfrutar de espa\u00e7os carregados de hist\u00f3rias e costumes, um verdadeiro patrim\u00f3nio cultural da ess\u00eancia Portuguesa. Este pacote inclui 8 Dias \/ 7 noites Alojamento e pequeno-almo\u00e7o (solares selecionados) Bebida de boas-vindas \u00e0 chegada (em cada solar), bolo tradicional e licor 3 [&hellip;]<\/p>\n","protected":false},"featured_media":3280,"menu_order":0,"template":"","categories":[3],"tags":[],"_links":{"self":[{"href":"https:\/\/www.portimar.com\/pt-pt\/wp-json\/wp\/v2\/experiences\/4023"}],"collection":[{"href":"https:\/\/www.portimar.com\/pt-pt\/wp-json\/wp\/v2\/experiences"}],"about":[{"href":"https:\/\/www.portimar.com\/pt-pt\/wp-json\/wp\/v2\/types\/experiences"}],"version-history":[{"count":8,"href":"https:\/\/www.portimar.com\/pt-pt\/wp-json\/wp\/v2\/experiences\/4023\/revisions"}],"predecessor-version":[{"id":4712,"href":"https:\/\/www.portimar.com\/pt-pt\/wp-json\/wp\/v2\/experiences\/4023\/revisions\/4712"}],"wp:featuredmedia":[{"embeddable":true,"href":"https:\/\/www.portimar.com\/pt-pt\/wp-json\/wp\/v2\/media\/3280"}],"wp:attachment":[{"href":"https:\/\/www.portimar.com\/pt-pt\/wp-json\/wp\/v2\/media?parent=4023"}],"wp:term":[{"taxonomy":"category","embeddable":true,"href":"https:\/\/www.portimar.com\/pt-pt\/wp-json\/wp\/v2\/categories?post=4023"},{"taxonomy":"post_tag","embeddable":true,"href":"https:\/\/www.portimar.com\/pt-pt\/wp-json\/wp\/v2\/tags?post=4023"}],"curies":[{"name":"wp","href":"https:\/\/api.w.org\/{rel}","templated":true}]}}